{"id":695,"date":"2025-07-01T15:04:41","date_gmt":"2025-07-01T15:04:41","guid":{"rendered":"https:\/\/drabernardetealmeida.pt\/?page_id=695"},"modified":"2026-05-06T16:02:48","modified_gmt":"2026-05-06T16:02:48","slug":"invisalign-aligneur-invisible","status":"publish","type":"page","link":"https:\/\/drabernardetealmeida.pt\/fr\/traitements\/invisalign-aligneur-invisible\/","title":{"rendered":"Invisalign\u00ae Aligneur invisible"},"content":{"rendered":"<!-- Block -->\r\n<section style=\"background-color: var(--color-negative);background-position: 50% 50%;--padding-top: 270px;--padding-bottom: 80px\" class=\"block text-block block--content-center block--animation-on wp-block-tesoiosanablocks-text\">\r\n\r\n\t<!-- Inner block -->\r\n\t<div class=\"block__inner text-block__inner animation-trigger\">\r\n\r\n\t\t<!-- Subtitle, title and paragraph -->\r\n\t\t\r\n\t\t\t\t\t<h4\t\t\t\tclass=\"block__subtitle subtitle animation-reveal--up animation-delay--1st dont-break-out-on-long-words\"\r\n\t\t\t\tstyle=\"\t\t\t\t\tcolor: var(--color-main);\t\t\t\t\ttext-align: center;\t\t\t\t\t max-width: 200px; \t\t\t\t\t margin-bottom: calc(20px * var(--mobile-text-bottom-margin-ratio, 1)); \t\t\t\t\t\t\t\t\t\"\r\n\t\t\t>\r\n\t\t\t\tAligneur Invisible\t\t\t<\/h4>\r\n\t\t\r\n\t\t\r\n\t\t\t\t\t<h2\t\t\t\tclass=\"block__title title-large animation-reveal--up animation-delay--2nd dont-break-out-on-long-words\"\r\n\t\t\t\tstyle=\"\t\t\t\t\tcolor: var(--color-main);\t\t\t\t\ttext-align: center;\t\t\t\t\t max-width: 600px; \t\t\t\t\t margin-bottom: calc(24px * var(--mobile-text-bottom-margin-ratio, 1)); \t\t\t\t\t\t\t\t\t\"\r\n\t\t\t>\r\n\t\t\t\tInvisalign\u00ae \u00e0 Lisbonne\t\t\t<\/h2>\r\n\t\t\r\n\t\t\r\n\t\t\t\t\t<p\t\t\t\tclass=\"block__paragraph body-large animation-reveal--up animation-delay--3rd dont-break-out-on-long-words\"\r\n\t\t\t\tstyle=\"\t\t\t\t\tcolor: var(--color-main);\t\t\t\t\ttext-align: center;\t\t\t\t\t max-width: 680px; \t\t\t\t\t margin-bottom: calc(36px * var(--mobile-text-bottom-margin-ratio, 1)); \t\t\t\t\t\t\t\t\t\"\r\n\t\t\t>\r\n\t\t\t\tInvisalign\u00ae est un syst\u00e8me de goutti\u00e8res transparentes et amovibles qui corrige le positionnement des dents de mani\u00e8re discr\u00e8te, confortable et pratiquement invisible. Alternative moderne aux bagues m\u00e9talliques traditionnelles, il est id\u00e9al pour ceux qui recherchent l'esth\u00e9tique, la libert\u00e9 et la pr\u00e9visibilit\u00e9 dans un traitement orthodontique.\t\t\t<\/p>\r\n\t\t\r\n\t\t\r\n\t\t<!-- List -->\r\n\t\t\r\n\t\t\r\n\t\t\r\n\t\t<!-- Link -->\r\n\t\t\r\n\t\t\t\t\t<a\t\t\t\thref=\"https:\/\/drabernardetealmeida.pt\/fr\/contact-et-localisation\/\"\r\n\t\t\t\ttarget=\"_self\"\r\n\t\t\t\tclass=\"text-block__link body-small cta-link animation-reveal--up animation-delay--4th dont-break-out-on-long-words\"\r\n\t\t\t\tstyle=\"\t\t\t\t\tcolor: var(--color-secondary);\t\t\t\t\t border-radius: 50px; \t\t\t\t\t background-color: var(--color-main); \t\t\t\t\t\t\t\t\t\"\r\n\t\t\t>\r\n\t\t\t\tPrendre Rendez-vous\t\t\t<\/a>\r\n\t\t\r\n\t\t\r\n\t<\/div>\r\n<\/section>\n\n\r\n\r\n\r\n\r\n<!-- Block -->\r\n<section style=\"background-color: var(--color-negative);background-position: 50% 50%;--padding-top: 100px;--padding-bottom: 100px\" class=\"block fifty-block block--content-left fifty-block--ratio-1-1 fifty-block--image-style-normal fifty-block--image-first fifty-block--full-width-media block--animation-on wp-block-tesoiosanablocks-fifty\">\r\n\r\n\t<!-- Inner block -->\r\n\t<div class=\"block__inner fifty-block__inner\">\r\n\t\t<section class=\"fifty-block__content-section animation-trigger\" style=\"width: 50%;\">\r\n\t\t\t<!-- Subtitle, title and paragraph -->\r\n\t\t\t\r\n\t\t\r\n\t\t\r\n\t\t\t\t\t<h2\t\t\t\tclass=\"block__title title-medium animation-reveal--up animation-delay--1st dont-break-out-on-long-words\"\r\n\t\t\t\tstyle=\"\t\t\t\t\tcolor: var(--color-main);\t\t\t\t\ttext-align: left;\t\t\t\t\t max-width: 440px; \t\t\t\t\t margin-bottom: calc(24px * var(--mobile-text-bottom-margin-ratio, 1)); \t\t\t\t\t\t\t\t\t\"\r\n\t\t\t>\r\n\t\t\t\tAlignez votre sourire en toute discr\u00e9tion\t\t\t<\/h2>\r\n\t\t\r\n\t\t\r\n\t\t\t\t\t<p\t\t\t\tclass=\"block__paragraph body-normal animation-reveal--up animation-delay--2nd dont-break-out-on-long-words\"\r\n\t\t\t\tstyle=\"\t\t\t\t\tcolor: var(--color-main);\t\t\t\t\ttext-align: left;\t\t\t\t\t max-width: 440px; \t\t\t\t\t margin-bottom: calc(48px * var(--mobile-text-bottom-margin-ratio, 1)); \t\t\t\t\t\t\t\t\t\"\r\n\t\t\t>\r\n\t\t\t\tAvec les goutti\u00e8res Invisalign\u00ae, vous pouvez corriger votre sourire sans brackets ni fils m\u00e9talliques. Les goutti\u00e8res sont personnalis\u00e9es pour chaque patient, ce qui offre plus de confort dans la vie quotidienne et permet de retirer l'appareil pour manger, se brosser les dents ou lors d'occasions sp\u00e9ciales.<br><br>A l'occasion de la <a href=\"https:\/\/drabernardetealmeida.pt\/fr\/a-propos-de-moi\/\" data-type=\"page\" data-id=\"84\">Dr Bernadete Almeida<\/a>, Le traitement est planifi\u00e9 num\u00e9riquement pour obtenir des r\u00e9sultats naturels, fonctionnels et harmonieux.<br><strong>Prendre Rendez-vous<\/strong>\t\t\t<\/p>\r\n\t\t\r\n\t\t\r\n\t\t\t<!-- List -->\r\n\t\t\t\r\n\t\t\r\n\t\t\r\n\t\t\t<!-- Link -->\r\n\t\t\t\r\n\t\t\t\t\t<a\t\t\t\thref=\"https:\/\/drabernardetealmeida.pt\/fr\/contact-et-localisation\/\"\r\n\t\t\t\ttarget=\"_self\"\r\n\t\t\t\tclass=\"fifty-block__link body-small cta-link animation-reveal--up animation-delay--3rd dont-break-out-on-long-words\"\r\n\t\t\t\tstyle=\"\t\t\t\t\tcolor: var(--color-secondary);\t\t\t\t\t border-radius: 50px; \t\t\t\t\t background-color: var(--color-main); \t\t\t\t\t\t\t\t\t\"\r\n\t\t\t>\r\n\t\t\t\tPrendre Rendez-vous\t\t\t<\/a>\r\n\t\t\r\n\t\t\t\t<\/section>\r\n\r\n\t\t<section class=\"fifty-block__image-section animation-trigger\" style=\"width: 50%;\">\r\n\t\t\t<div class=\"fifty-block__image-wrapper\" style=\"--image-size: 80%;\">\r\n\t\t\t\t\t\t\t\t\t\t\t\t\t\t<img \r\n\t\t\t\t\t\tclass=\"fifty-block__image animation-reveal--in\"\r\n\t\t\t\t\t\tstyle=\"--border-radius: 20px;\"\r\n\t\t\t\t\t\tsrc=\"https:\/\/drabernardetealmeida.pt\/wp-content\/uploads\/2025\/06\/invisalign-teeth-straightening-san-jose-1.jpg\"\r\n\t\t\t\t\t\talt=\"\"\r\n\t\t\t\t\t\t\t\t\t\t\t\t\tsrcset=\"https:\/\/drabernardetealmeida.pt\/wp-content\/uploads\/2025\/06\/invisalign-teeth-straightening-san-jose-1.jpg 1200w, https:\/\/drabernardetealmeida.pt\/wp-content\/uploads\/2025\/06\/invisalign-teeth-straightening-san-jose-1-300x211.jpg 300w, https:\/\/drabernardetealmeida.pt\/wp-content\/uploads\/2025\/06\/invisalign-teeth-straightening-san-jose-1-1024x721.jpg 1024w, https:\/\/drabernardetealmeida.pt\/wp-content\/uploads\/2025\/06\/invisalign-teeth-straightening-san-jose-1-768x541.jpg 768w\"\r\n\t\t\t\t\t\t\tsizes=\"(max-width: 768px) 100vw, 547px\"\r\n\t\t\t\t\t\t\t\t\t\t\t\/>\r\n\t\t\t\t\t\t\t<\/div>\r\n\t\t<\/section>\r\n\t<\/div>\r\n\r\n<\/section>\n\n\r\n\r\n\r\n\r\n<!-- Block -->\r\n<section style=\"background-color: var(--color-negative);background-position: 50% 50%;--padding-top: 100px;--padding-bottom: 100px\" class=\"block fifty-block block--content-left fifty-block--ratio-1-1 fifty-block--image-style-normal fifty-block--full-width-media block--animation-on wp-block-tesoiosanablocks-fifty\">\r\n\r\n\t<!-- Inner block -->\r\n\t<div class=\"block__inner fifty-block__inner\">\r\n\t\t<section class=\"fifty-block__content-section animation-trigger\" style=\"width: 50%;\">\r\n\t\t\t<!-- Subtitle, title and paragraph -->\r\n\t\t\t\r\n\t\t\r\n\t\t\r\n\t\t\t\t\t<h2\t\t\t\tclass=\"block__title title-medium animation-reveal--up animation-delay--1st dont-break-out-on-long-words\"\r\n\t\t\t\tstyle=\"\t\t\t\t\tcolor: var(--color-main);\t\t\t\t\ttext-align: left;\t\t\t\t\t max-width: 440px; \t\t\t\t\t margin-bottom: calc(24px * var(--mobile-text-bottom-margin-ratio, 1)); \t\t\t\t\t\t\t\t\t\"\r\n\t\t\t>\r\n\t\t\t\t\u00c0 qui s'adresse Invisalign\u00ae ?\t\t\t<\/h2>\r\n\t\t\r\n\t\t\r\n\t\t\r\n\t\t\r\n\t\t\t<!-- List -->\r\n\t\t\t\r\n\t\t\t\t\t<ul\r\n\t\t\t\tclass=\"block__list body-normal animation-reveal--up animation-delay--2nd\"\r\n\t\t\t\tstyle=\"\t\t\t\t\tcolor: var(--color-main);\t\t\t\t\tpadding: 0 0 0 16px;\t\t\t\t\tlist-style: disc;\t\t\t\t\ttext-align: left;\t\t\t\t\t max-width: 440px; \t\t\t\t\t margin-bottom: calc(20px * var(--mobile-text-bottom-margin-ratio, 1)); \t\t\t\t\t\t\t\t\t\"\r\n\t\t\t>\r\n\t\t\t\t<li>Les personnes qui souhaitent aligner leurs dents discr\u00e8tement<\/li><li>Les cas l\u00e9gers \u00e0 mod\u00e9r\u00e9s de d\u00e9salignement des dents et de l'occlusion<\/li><li>Adultes et adolescents \u00e0 la recherche d'un plus grand confort de traitement<\/li><li>Ceux qui veulent \u00e9viter les appareils dentaires traditionnels en m\u00e9tal<\/li><li>Les patients qui accordent de l'importance \u00e0 l'esth\u00e9tique et \u00e0 la praticit\u00e9 dans la vie de tous les jours<\/li>\r\n\t\t\t<\/ul>\r\n\t\t\r\n\t\t\r\n\t\t\t<!-- Link -->\r\n\t\t\t\r\n\t\t\t\t\t<a\t\t\t\thref=\"https:\/\/drabernardetealmeida.pt\/fr\/contact-et-localisation\/\"\r\n\t\t\t\ttarget=\"_self\"\r\n\t\t\t\tclass=\"fifty-block__link body-small cta-link animation-reveal--up animation-delay--3rd dont-break-out-on-long-words\"\r\n\t\t\t\tstyle=\"\t\t\t\t\tcolor: var(--color-secondary);\t\t\t\t\t border-radius: 50px; \t\t\t\t\t background-color: var(--color-main); \t\t\t\t\t\t\t\t\t\"\r\n\t\t\t>\r\n\t\t\t\tContact et localisation\t\t\t<\/a>\r\n\t\t\r\n\t\t\t\t<\/section>\r\n\r\n\t\t<section class=\"fifty-block__image-section animation-trigger\" style=\"width: 50%;\">\r\n\t\t\t<div class=\"fifty-block__image-wrapper\" style=\"--image-size: 80%;\">\r\n\t\t\t\t\t\t\t\t\t\t\t\t\t\t<img \r\n\t\t\t\t\t\tclass=\"fifty-block__image animation-reveal--in\"\r\n\t\t\t\t\t\tstyle=\"--border-radius: 20px;\"\r\n\t\t\t\t\t\tsrc=\"https:\/\/drabernardetealmeida.pt\/wp-content\/uploads\/2025\/07\/8d6e015f80c433fe927489f322ffdf2b.jpg\"\r\n\t\t\t\t\t\talt=\"\"\r\n\t\t\t\t\t\t\t\t\t\t\t\t\tsrcset=\"https:\/\/drabernardetealmeida.pt\/wp-content\/uploads\/2025\/07\/8d6e015f80c433fe927489f322ffdf2b.jpg 736w, https:\/\/drabernardetealmeida.pt\/wp-content\/uploads\/2025\/07\/8d6e015f80c433fe927489f322ffdf2b-200x300.jpg 200w, https:\/\/drabernardetealmeida.pt\/wp-content\/uploads\/2025\/07\/8d6e015f80c433fe927489f322ffdf2b-683x1024.jpg 683w\"\r\n\t\t\t\t\t\t\tsizes=\"(max-width: 768px) 100vw, 547px\"\r\n\t\t\t\t\t\t\t\t\t\t\t\/>\r\n\t\t\t\t\t\t\t<\/div>\r\n\t\t<\/section>\r\n\t<\/div>\r\n\r\n<\/section>\n\n\r\n\r\n\r\n\r\n<!-- Block -->\r\n<section style=\"background-color: var(--color-negative);background-position: 50% 50%;--padding-top: 50px;--padding-bottom: 50px\" class=\"block text-block block--content-center block--animation-on wp-block-tesoiosanablocks-text\">\r\n\r\n\t<!-- Inner block -->\r\n\t<div class=\"block__inner text-block__inner animation-trigger\">\r\n\r\n\t\t<!-- Subtitle, title and paragraph -->\r\n\t\t\r\n\t\t\r\n\t\t\r\n\t\t\t\t\t<h2\t\t\t\tclass=\"block__title title-small animation-reveal--up animation-delay--1st dont-break-out-on-long-words\"\r\n\t\t\t\tstyle=\"\t\t\t\t\tcolor: var(--color-main);\t\t\t\t\ttext-align: left;\t\t\t\t\t max-width: 720px; \t\t\t\t\t margin-bottom: calc(24px * var(--mobile-text-bottom-margin-ratio, 1)); \t\t\t\t\t\t\t\t\t\"\r\n\t\t\t>\r\n\t\t\t\tComment cela fonctionne-t-il ?\t\t\t<\/h2>\r\n\t\t\r\n\t\t\r\n\t\t\t\t\t<p\t\t\t\tclass=\"block__paragraph body-normal animation-reveal--up animation-delay--2nd dont-break-out-on-long-words\"\r\n\t\t\t\tstyle=\"\t\t\t\t\tcolor: var(--color-main);\t\t\t\t\ttext-align: left;\t\t\t\t\t max-width: 720px; \t\t\t\t\t margin-bottom: calc(50px * var(--mobile-text-bottom-margin-ratio, 1)); \t\t\t\t\t\t\t\t\t\"\r\n\t\t\t>\r\n\t\t\t\tApr\u00e8s la num\u00e9risation des dents, une s\u00e9rie d'aligneurs personnalis\u00e9s est fabriqu\u00e9e pour une utilisation progressive. Chaque moule est utilis\u00e9 pendant environ 7 \u00e0 14 jours, d\u00e9pla\u00e7ant progressivement les dents jusqu'\u00e0 la position finale pr\u00e9vue.<br><br>Les aligneurs doivent \u00eatre port\u00e9s 20 \u00e0 22 heures par jour, et retir\u00e9s uniquement pour manger et se brosser les dents. Des consultations sont organis\u00e9es r\u00e9guli\u00e8rement afin de suivre l'\u00e9volution du traitement et de remettre les nouveaux aligneurs.\t\t\t<\/p>\r\n\t\t\r\n\t\t\r\n\t\t<!-- List -->\r\n\t\t\r\n\t\t\r\n\t\t\r\n\t\t<!-- Link -->\r\n\t\t\r\n\t\t\r\n\t\t\r\n\t<\/div>\r\n<\/section>\n\n\r\n\r\n\r\n\r\n<!-- Block -->\r\n<section style=\"background-color: var(--color-negative);background-position: 50% 50%;--padding-top: 100px;--padding-bottom: 110px\" class=\"block gallery-block gallery-block-frontend block--content-center gallery-block--pagination-bullets gallery-block--slider gallery-grid-block--row-of-3 gallery-block--single-image-ratio-16-9 gallery-block--single-image-style-normal gallery-block--full-width-media block--animation-on wp-block-tesoiosanablocks-gallery\">\r\n\r\n\t<!-- Inner block -->\r\n\t<div class=\"block__inner gallery-block__inner\">\r\n\r\n\t\t<div class=\"block-texts animation-trigger\">\r\n\t\t\t<!-- Subtitle, title and paragraph -->\r\n\t\t\t\r\n\t\t\r\n\t\t\r\n\t\t\t\t\t<h2\t\t\t\tclass=\"block__title title-large animation-reveal--up animation-delay--1st dont-break-out-on-long-words\"\r\n\t\t\t\tstyle=\"\t\t\t\t\tcolor: var(--color-main);\t\t\t\t\ttext-align: center;\t\t\t\t\t max-width: 720px; \t\t\t\t\t margin-bottom: calc(20px * var(--mobile-text-bottom-margin-ratio, 1)); \t\t\t\t\t\t\t\t\t\"\r\n\t\t\t>\r\n\t\t\t\tAvant et apr\u00e8s Invisalign\u00ae \u00e0 Lisbonne\t\t\t<\/h2>\r\n\t\t\r\n\t\t\r\n\t\t\t\t\t<p\t\t\t\tclass=\"block__paragraph body-large animation-reveal--up animation-delay--2nd dont-break-out-on-long-words\"\r\n\t\t\t\tstyle=\"\t\t\t\t\tcolor: var(--color-main);\t\t\t\t\ttext-align: center;\t\t\t\t\t max-width: 720px; \t\t\t\t\t margin-bottom: calc(50px * var(--mobile-text-bottom-margin-ratio, 1)); \t\t\t\t\t\t\t\t\t\"\r\n\t\t\t>\r\n\t\t\t\tDes r\u00e9sultats r\u00e9els de traitements orthodontiques avec des goutti\u00e8res transparentes, personnalis\u00e9es pour am\u00e9liorer l'esth\u00e9tique, la fonction et l'harmonie du sourire.\t\t\t<\/p>\r\n\t\t\r\n\t\t\t\t<\/div>\r\n\r\n\t\t\t\t\t\r\n\t\t\t<div class=\"gallery-block__slider-wrapper\" style=\"width: 51%; --slider-roundness: 0px\">\r\n\t\t\t\t<div class=\"g-slider animation-trigger animation-reveal--in\">\r\n\t\t\t\t\t<div \r\n\t\t\t\t\t\tclass=\"swiper js-gallery-slider g-slider-has-ratio\"\r\n\t\t\t\t\t\tdata-slider-height=\"ratio\"\r\n\t\t\t\t\t\tstyle=\"\t\t\t\t\t\t\t--slider-image-height: auto;\t\t\t\t\t\t\t--slider-ratio-multiplier: 1;\t\t\t\t\t\t\"\r\n\t\t\t\t\t>\r\n\t\t\t\t\t\t<div class=\"swiper-wrapper\">\r\n\r\n\t\t\t\t\t\t\t\t\t\t\t\t\t\t\t<div class=\"swiper-slide body-small\">\r\n\t\t\t\t\t\t\t\t\t<div class=\"g-slider__image-wrapper\">\r\n\t\t\t\t\t\t\t\t\t\t\t\t\t\t\t\t\t\t\t\t<img\r\n\t\t\t\t\t\t\t\t\t\t\tclass=\"g-slider__image\"\r\n\t\t\t\t\t\t\t\t\t\t\tsrc=\"https:\/\/drabernardetealmeida.pt\/wp-content\/uploads\/2026\/05\/antes-depois-invisalign-lisboa.jpg\"\r\n\t\t\t\t\t\t\t\t\t\t\talt=\"Avant et apr\u00e8s un traitement Invisalign chez un orthodontiste \u00e0 Lisbonne\"\r\n\t\t\t\t\t\t\t\t\t\t\t\t\t\t\t\t\t\t\t\t\t\t\tsrcset=\"https:\/\/drabernardetealmeida.pt\/wp-content\/uploads\/2026\/05\/antes-depois-invisalign-lisboa.jpg 1000w, https:\/\/drabernardetealmeida.pt\/wp-content\/uploads\/2026\/05\/antes-depois-invisalign-lisboa-300x300.jpg 300w, https:\/\/drabernardetealmeida.pt\/wp-content\/uploads\/2026\/05\/antes-depois-invisalign-lisboa-150x150.jpg 150w, https:\/\/drabernardetealmeida.pt\/wp-content\/uploads\/2026\/05\/antes-depois-invisalign-lisboa-768x768.jpg 768w, https:\/\/drabernardetealmeida.pt\/wp-content\/uploads\/2026\/05\/antes-depois-invisalign-lisboa-12x12.jpg 12w\"\r\n\t\t\t\t\t\t\t\t\t\t\t\tsizes=\"(max-width: 768px) 100vw, 697px\"\r\n\t\t\t\t\t\t\t\t\t\t\t\t\t\t\t\t\t\t\t\t\t\/>\r\n\t\t\t\t\t\t\t\t\t<\/div>\r\n\r\n\t\t\t\t\t\t\t\t\t\t\t\t\t\t\t\t\t\t\t<p class=\"g-slider__caption body-small dont-break-out-on-long-words\" style=\"color: var(--color-main)\">\r\n\t\t\t\t\t\t\t\t\t\t\tUne v\u00e9ritable transformation gr\u00e2ce au traitement Invisalign\u00ae r\u00e9alis\u00e9 par le Dr Bernardete Almeida \u00e0 Lisbonne.\t\t\t\t\t\t\t\t\t\t<\/p>\r\n\t\t\t\t\t\t\t\t\t\t\t\t\t\t\t\t\t<\/div>\r\n\t\t\t\t\t\t\t\r\n\t\t\t\t\t\t<\/div>\r\n\t\t\t\t\t\t<div class=\"g-slider__btn g-slider__btn--prev js-gallery-btn--prev\" style=\"visibility: visible\">\r\n\t\t\t\t\t\t\t<svg class=\"back__icon\" viewbox=\"0 0 14.785 26.741\" style=\"stroke: var(--color-negative)\">\r\n\t\t\t\t\t\t\t\t\t<path d=\"M166.414-4.992,179.077,7.671,166.414,20.335\" transform=\"translate(180.491 21.042) rotate(180)\"\/>\r\n\t\t\t\t\t\t\t<\/svg>\r\n\t\t\t\t\t\t<\/div>\r\n\t\t\t\t\t\t<div class=\"g-slider__btn g-slider__btn--next js-gallery-btn--next\" style=\"visibility: visible\">\r\n\t\t\t\t\t\t\t<svg class=\"next__icon\" viewbox=\"0 0 14.785 26.741\" style=\"stroke: var(--color-negative)\">\r\n\t\t\t\t\t\t\t\t\t<path d=\"M166.414-4.992,179.077,7.671,166.414,20.335\" transform=\"translate(-165.707 5.699)\" \/>\r\n\t\t\t\t\t\t\t<\/svg>\r\n\t\t\t\t\t\t<\/div>\r\n\t\t\t\t\t<\/div>\r\n\t\t\t\t\t<div \r\n\t\t\t\t\t\tclass=\"g-swiper-pagination\"\r\n\t\t\t\t\t\tstyle=\"\t\t\t\t\t\t\t--inactive-color: var(--color-main);\t\t\t\t\t\t\t--active-color: var(--color-main);\t\t\t\t\t\t\tvisibility: visible;\t\t\t\t\t\t\"\r\n\t\t\t\t\t><\/div>\r\n\t\t\t\t<\/div>\r\n\t\t\t<\/div>\r\n\t\t\r\n\t\t\r\n\t\t\r\n\t<\/div>\r\n<\/section>\n\n\r\n\r\n\r\n\r\n<!-- Block -->\r\n<section style=\"--divider-color: #dedede;background-color: var(--color-negative);background-position: 50% 50%;--padding-top: 80px;--padding-bottom: 120px\" class=\"block accordion-block block--content-center accordion-block--multiple block--animation-on wp-block-tesoiosanablocks-accordion\">\r\n\r\n\t<!-- Inner block -->\r\n\t<div class=\"block__inner accordion-block__inner\">\r\n\r\n\t\t<!-- Subtitle, title and paragraph -->\r\n\t\t<div class=\"animation-trigger\">\r\n\t\t\r\n\t\t\r\n\t\t\t\t\t<h2\t\t\t\tclass=\"block__title title-medium animation-reveal--up animation-delay--1st dont-break-out-on-long-words\"\r\n\t\t\t\tstyle=\"\t\t\t\t\tcolor: var(--color-main);\t\t\t\t\ttext-align: center;\t\t\t\t\t max-width: 720px; \t\t\t\t\t margin-bottom: calc(40px * var(--mobile-text-bottom-margin-ratio, 1)); \t\t\t\t\t\t\t\t\t\"\r\n\t\t\t>\r\n\t\t\t\tQuestions fr\u00e9quemment pos\u00e9es\t\t\t<\/h2>\r\n\t\t\r\n\t\t\r\n\t\t\t\t\t<p\t\t\t\tclass=\"block__paragraph body-large animation-reveal--up animation-delay--2nd dont-break-out-on-long-words\"\r\n\t\t\t\tstyle=\"\t\t\t\t\tcolor: var(--color-main);\t\t\t\t\ttext-align: center;\t\t\t\t\t max-width: 720px; \t\t\t\t\t margin-bottom: calc(50px * var(--mobile-text-bottom-margin-ratio, 1)); \t\t\t\t\t\t\t\t\t\"\r\n\t\t\t>\r\n\t\t\t\tD\u00e9couvrez quelques mythes et v\u00e9rit\u00e9s sur Invisalign\u00ae\t\t\t<\/p>\r\n\t\t\r\n\t\t<\/div>\r\n\r\n\t\t<dl class=\"accordion\">\r\n\t\t\t\n\r\n\r\n\r\n\r\n<!-- Block -->\r\n<div class=\"inner-block js-accordion animation-trigger animation-reveal--in wp-block-tesoiosanablocks-accordion-item\">\r\n\r\n\t<dt class=\"accordion__term-wrapper\">\r\n\t\t\r\n\t\t\t\t\t<a\t\t\t\tclass=\"accordion__term js-accordion__term animation--off title-extra-small animation-reveal--up animation-delay--1st dont-break-out-on-long-words\"\r\n\t\t\t\tstyle=\"\t\t\t\t\tcolor: var(--color-main);\t\t\t\t\ttext-align: left;\t\t\t\t\t\t\t\t\t\t\t\t\t\t\t\t\t\t\t\"\r\n\t\t\t>\r\n\t\t\t\tEst-il possible de pr\u00e9dire le r\u00e9sultat final ?\t\t\t<\/a>\r\n\t\t\r\n\t\t\t<\/dt>\r\n\t<dd class=\"accordion__definition-wrapper js-accordion__definition-wrapper\">\r\n\t\t\r\n\t\t\t\t\t<p\t\t\t\tclass=\"accordion__definition animation--off body-normal animation-reveal--up animation-delay--2nd dont-break-out-on-long-words\"\r\n\t\t\t\tstyle=\"\t\t\t\t\tcolor: var(--color-main);\t\t\t\t\ttext-align: left;\t\t\t\t\t\t\t\t\t\t\t\t\t\t\t\t\t\t\t\"\r\n\t\t\t>\r\n\t\t\t\tOui, gr\u00e2ce au logiciel ClinCheck\u00ae, vous pouvez visualiser le r\u00e9sultat avant de commencer.\t\t\t<\/p>\r\n\t\t\r\n\t\t\t<\/dd>\r\n\r\n<\/div>\n\n\r\n\r\n\r\n\r\n<!-- Block -->\r\n<div class=\"inner-block js-accordion animation-trigger animation-reveal--in wp-block-tesoiosanablocks-accordion-item\">\r\n\r\n\t<dt class=\"accordion__term-wrapper\">\r\n\t\t\r\n\t\t\t\t\t<a\t\t\t\tclass=\"accordion__term js-accordion__term animation--off title-extra-small animation-reveal--up animation-delay--1st dont-break-out-on-long-words\"\r\n\t\t\t\tstyle=\"\t\t\t\t\tcolor: var(--color-main);\t\t\t\t\ttext-align: left;\t\t\t\t\t\t\t\t\t\t\t\t\t\t\t\t\t\t\t\"\r\n\t\t\t>\r\n\t\t\t\tDois-je utiliser la plaque tous les soirs ?\t\t\t<\/a>\r\n\t\t\r\n\t\t\t<\/dt>\r\n\t<dd class=\"accordion__definition-wrapper js-accordion__definition-wrapper\">\r\n\t\t\r\n\t\t\t\t\t<p\t\t\t\tclass=\"accordion__definition animation--off body-normal animation-reveal--up animation-delay--2nd dont-break-out-on-long-words\"\r\n\t\t\t\tstyle=\"\t\t\t\t\tcolor: var(--color-main);\t\t\t\t\ttext-align: left;\t\t\t\t\t\t\t\t\t\t\t\t\t\t\t\t\t\t\t\"\r\n\t\t\t>\r\n\t\t\t\tCela peut causer un l\u00e9ger inconfort initial, mais pas de douleur.\t\t\t<\/p>\r\n\t\t\r\n\t\t\t<\/dd>\r\n\r\n<\/div>\n\n\r\n\r\n\r\n\r\n<!-- Block -->\r\n<div class=\"inner-block js-accordion animation-trigger animation-reveal--in wp-block-tesoiosanablocks-accordion-item\">\r\n\r\n\t<dt class=\"accordion__term-wrapper\">\r\n\t\t\r\n\t\t\t\t\t<a\t\t\t\tclass=\"accordion__term js-accordion__term animation--off title-extra-small animation-reveal--up animation-delay--1st dont-break-out-on-long-words\"\r\n\t\t\t\tstyle=\"\t\t\t\t\tcolor: var(--color-main);\t\t\t\t\ttext-align: left;\t\t\t\t\t\t\t\t\t\t\t\t\t\t\t\t\t\t\t\"\r\n\t\t\t>\r\n\t\t\t\tInvisalign\u00ae fonctionne-t-il aussi bien que les appareils fixes ?\t\t\t<\/a>\r\n\t\t\r\n\t\t\t<\/dt>\r\n\t<dd class=\"accordion__definition-wrapper js-accordion__definition-wrapper\">\r\n\t\t\r\n\t\t\t\t\t<p\t\t\t\tclass=\"accordion__definition animation--off body-normal animation-reveal--up animation-delay--2nd dont-break-out-on-long-words\"\r\n\t\t\t\tstyle=\"\t\t\t\t\tcolor: var(--color-main);\t\t\t\t\ttext-align: left;\t\t\t\t\t\t\t\t\t\t\t\t\t\t\t\t\t\t\t\"\r\n\t\t\t>\r\n\t\t\t\tOui, surtout dans les cas l\u00e9gers \u00e0 mod\u00e9r\u00e9s.\t\t\t<\/p>\r\n\t\t\r\n\t\t\t<\/dd>\r\n\r\n<\/div>\n\n\r\n\r\n\r\n\r\n<!-- Block -->\r\n<div class=\"inner-block js-accordion animation-trigger animation-reveal--in wp-block-tesoiosanablocks-accordion-item\">\r\n\r\n\t<dt class=\"accordion__term-wrapper\">\r\n\t\t\r\n\t\t\t\t\t<a\t\t\t\tclass=\"accordion__term js-accordion__term animation--off title-extra-small animation-reveal--up animation-delay--1st dont-break-out-on-long-words\"\r\n\t\t\t\tstyle=\"\t\t\t\t\tcolor: var(--color-main);\t\t\t\t\ttext-align: left;\t\t\t\t\t\t\t\t\t\t\t\t\t\t\t\t\t\t\t\"\r\n\t\t\t>\r\n\t\t\t\tLa parole est-elle affect\u00e9e ?\t\t\t<\/a>\r\n\t\t\r\n\t\t\t<\/dt>\r\n\t<dd class=\"accordion__definition-wrapper js-accordion__definition-wrapper\">\r\n\t\t\r\n\t\t\t\t\t<p\t\t\t\tclass=\"accordion__definition animation--off body-normal animation-reveal--up animation-delay--2nd dont-break-out-on-long-words\"\r\n\t\t\t\tstyle=\"\t\t\t\t\tcolor: var(--color-main);\t\t\t\t\ttext-align: left;\t\t\t\t\t\t\t\t\t\t\t\t\t\t\t\t\t\t\t\"\r\n\t\t\t>\r\n\t\t\t\tL\u00e9g\u00e8rement au d\u00e9but, mais l'adaptation est g\u00e9n\u00e9ralement rapide.\t\t\t<\/p>\r\n\t\t\r\n\t\t\t<\/dd>\r\n\r\n<\/div>\n\n\r\n\r\n\r\n\r\n<!-- Block -->\r\n<div class=\"inner-block js-accordion animation-trigger animation-reveal--in wp-block-tesoiosanablocks-accordion-item\">\r\n\r\n\t<dt class=\"accordion__term-wrapper\">\r\n\t\t\r\n\t\t\t\t\t<a\t\t\t\tclass=\"accordion__term js-accordion__term animation--off title-extra-small animation-reveal--up animation-delay--1st dont-break-out-on-long-words\"\r\n\t\t\t\tstyle=\"\t\t\t\t\tcolor: var(--color-main);\t\t\t\t\ttext-align: left;\t\t\t\t\t\t\t\t\t\t\t\t\t\t\t\t\t\t\t\"\r\n\t\t\t>\r\n\t\t\t\tLe traitement est-il douloureux ?\t\t\t<\/a>\r\n\t\t\r\n\t\t\t<\/dt>\r\n\t<dd class=\"accordion__definition-wrapper js-accordion__definition-wrapper\">\r\n\t\t\r\n\t\t\t\t\t<p\t\t\t\tclass=\"accordion__definition animation--off body-normal animation-reveal--up animation-delay--2nd dont-break-out-on-long-words\"\r\n\t\t\t\tstyle=\"\t\t\t\t\tcolor: var(--color-main);\t\t\t\t\ttext-align: left;\t\t\t\t\t\t\t\t\t\t\t\t\t\t\t\t\t\t\t\"\r\n\t\t\t>\r\n\t\t\t\tIl peut y avoir un l\u00e9ger inconfort les premiers jours apr\u00e8s chaque changement, mais c'est plus confortable qu'un appareil fixe.\t\t\t<\/p>\r\n\t\t\r\n\t\t\t<\/dd>\r\n\r\n<\/div>\n\t\t<\/dl>\r\n\r\n\t<\/div>\r\n\r\n<\/section>\n\n\r\n\r\n\r\n\r\n<!-- Block -->\r\n<section style=\"background-color: var(--color-accent);background-image: url(&#039;https:\/\/drabernardetealmeida.pt\/wp-content\/uploads\/2025\/06\/5fa83acef9ced0628a252f78_photo-1489278353717-f64c6ee8a4d2-3-1.jpeg&#039;);background-position: 50% 50%;--padding-top: 120px;--padding-bottom: 120px\" class=\"block text-block block--content-center block--animation-on wp-block-tesoiosanablocks-text\">\r\n\r\n\t<!-- Inner block -->\r\n\t<div class=\"block__inner text-block__inner animation-trigger\">\r\n\r\n\t\t<!-- Subtitle, title and paragraph -->\r\n\t\t\r\n\t\t\t\t\t<h4\t\t\t\tclass=\"block__subtitle subtitle animation-reveal--up animation-delay--1st dont-break-out-on-long-words\"\r\n\t\t\t\tstyle=\"\t\t\t\t\tcolor: var(--color-secondary);\t\t\t\t\ttext-align: center;\t\t\t\t\t max-width: 720px; \t\t\t\t\t margin-bottom: calc(20px * var(--mobile-text-bottom-margin-ratio, 1)); \t\t\t\t\t\t\t\t\t\"\r\n\t\t\t>\r\n\t\t\t\tVotre Premier Pas\t\t\t<\/h4>\r\n\t\t\r\n\t\t\r\n\t\t\t\t\t<h2\t\t\t\tclass=\"block__title title-medium animation-reveal--up animation-delay--2nd dont-break-out-on-long-words\"\r\n\t\t\t\tstyle=\"\t\t\t\t\tcolor: var(--color-secondary);\t\t\t\t\ttext-align: center;\t\t\t\t\t max-width: 720px; \t\t\t\t\t margin-bottom: calc(36px * var(--mobile-text-bottom-margin-ratio, 1)); \t\t\t\t\t\t\t\t\t\"\r\n\t\t\t>\r\n\t\t\t\tR\u00e9servez votre \u00e9valuation gratuite maintenant\t\t\t<\/h2>\r\n\t\t\r\n\t\t\r\n\t\t\r\n\t\t\r\n\t\t<!-- List -->\r\n\t\t\r\n\t\t\r\n\t\t\r\n\t\t<!-- Link -->\r\n\t\t\r\n\t\t\t\t\t<a\t\t\t\thref=\"https:\/\/drabernardetealmeida.pt\/fr\/contact-et-localisation\/\"\r\n\t\t\t\ttarget=\"_self\"\r\n\t\t\t\tclass=\"text-block__link body-small arrow-link animation-reveal--up animation-delay--3rd dont-break-out-on-long-words\"\r\n\t\t\t\tstyle=\"\t\t\t\t\tcolor: var(--color-secondary);\t\t\t\t\t\t\t\t\t\t\t\t\t\t\t\t\t\t\t\"\r\n\t\t\t>\r\n\t\t\t\tR\u00e9servez Votre \u00c9valuation Gratuite\t\t\t<\/a>\r\n\t\t\r\n\t\t\r\n\t<\/div>\r\n<\/section>\n\n<div class=\"wp-block-wrapper\"><div class=\"wp-block-wrapper__inner\">\n<p class=\"wp-block-paragraph\"><\/p>\n<\/div><\/div>","protected":false},"excerpt":{"rendered":"","protected":false},"author":2,"featured_media":670,"parent":109,"menu_order":0,"comment_status":"closed","ping_status":"closed","template":"","meta":{"tesoiosana_header_transparency":"default","footnotes":""},"class_list":["post-695","page","type-page","status-publish","has-post-thumbnail","hentry"],"_links":{"self":[{"href":"https:\/\/drabernardetealmeida.pt\/fr\/wp-json\/wp\/v2\/pages\/695","targetHints":{"allow":["GET"]}}],"collection":[{"href":"https:\/\/drabernardetealmeida.pt\/fr\/wp-json\/wp\/v2\/pages"}],"about":[{"href":"https:\/\/drabernardetealmeida.pt\/fr\/wp-json\/wp\/v2\/types\/page"}],"author":[{"embeddable":true,"href":"https:\/\/drabernardetealmeida.pt\/fr\/wp-json\/wp\/v2\/users\/2"}],"replies":[{"embeddable":true,"href":"https:\/\/drabernardetealmeida.pt\/fr\/wp-json\/wp\/v2\/comments?post=695"}],"version-history":[{"count":16,"href":"https:\/\/drabernardetealmeida.pt\/fr\/wp-json\/wp\/v2\/pages\/695\/revisions"}],"predecessor-version":[{"id":1238,"href":"https:\/\/drabernardetealmeida.pt\/fr\/wp-json\/wp\/v2\/pages\/695\/revisions\/1238"}],"up":[{"embeddable":true,"href":"https:\/\/drabernardetealmeida.pt\/fr\/wp-json\/wp\/v2\/pages\/109"}],"wp:featuredmedia":[{"embeddable":true,"href":"https:\/\/drabernardetealmeida.pt\/fr\/wp-json\/wp\/v2\/media\/670"}],"wp:attachment":[{"href":"https:\/\/drabernardetealmeida.pt\/fr\/wp-json\/wp\/v2\/media?parent=695"}],"curies":[{"name":"wp","href":"https:\/\/api.w.org\/{rel}","templated":true}]}}